{"id":10748,"date":"2023-06-19T02:53:33","date_gmt":"2023-06-19T02:53:33","guid":{"rendered":"https:\/\/argyleassociates.com\/head-neck-oral-cancer\/"},"modified":"2023-08-28T14:04:00","modified_gmt":"2023-08-28T14:04:00","slug":"cancer-de-la-tete-du-cou-et-de-la-bouche","status":"publish","type":"page","link":"https:\/\/argyleassociates.com\/fr\/nos-procedures\/cancer-de-la-tete-du-cou-et-de-la-bouche\/","title":{"rendered":"Cancer de la t\u00eate, du cou et de la bouche"},"content":{"rendered":"\t\t<div data-elementor-type=\"wp-page\" data-elementor-id=\"10748\" class=\"elementor elementor-10748 elementor-6254\" data-elementor-post-type=\"page\">\n\t\t\t\t\t\t<section class=\"elementor-section elementor-top-section elementor-element elementor-element-48f22343 elementor-section-stretched elementor-section-boxed elementor-section-height-default elementor-section-height-default\" data-id=\"48f22343\" data-element_type=\"section\" data-e-type=\"section\" data-settings=\"{&quot;stretch_section&quot;:&quot;section-stretched&quot;,&quot;background_background&quot;:&quot;classic&quot;}\">\n\t\t\t\t\t\t\t<div class=\"elementor-background-overlay\"><\/div>\n\t\t\t\t\t\t\t<div class=\"elementor-container elementor-column-gap-default\">\n\t\t\t\t\t<div class=\"elementor-column elementor-col-100 elementor-top-column elementor-element elementor-element-86d1db4\" data-id=\"86d1db4\" data-element_type=\"column\" data-e-type=\"column\">\n\t\t\t<div class=\"elementor-widget-wrap elementor-element-populated\">\n\t\t\t\t\t\t<div class=\"elementor-element elementor-element-1b4855fe elementor-widget elementor-widget-rt-banner\" data-id=\"1b4855fe\" data-element_type=\"widget\" data-e-type=\"widget\" data-widget_type=\"rt-banner.default\">\n\t\t\t\t<div class=\"elementor-widget-container\">\n\t\t\t\t\t<div class=\"hero-banner-wrap-11 motion-effects-wrap\">\r\n\t<div class=\"Hero__Shape__round\">\r\n\t\t<ul class=\"item-round\">\r\n\t\t\t<li><\/li>\r\n\t\t\t<li><\/li>\r\n\t\t<\/ul>\r\n\t<\/div>\r\n\t<div class=\"row justify-content-between align-items-center\">\r\n\t\t<div class=\"col-xl-5 col-lg-6\">\r\n\t\t\t<div class=\"hero-banner-layuot-1\">\r\n\t\t\t\t<div class=\"section-heading heading-layout7\">\r\n\t\t\t\t\t\t\t\t\t\t<p class=\"sub-title\">Proc\u00e9dures<\/p>\r\n\t\t\t\t\t\t\t\t\t\t<h1>Cancer de la t\u00eate, du cou et de la bouche<\/h1>\r\n\t\t\t\t\t\t\t\t\t<\/div>\r\n\t\t\t\t<ul class=\"btn-Wrapper-1 flex-wrap gutter-40 d-flex align-items-center\">\r\n\t\t\t\t\t\t\t\t\t\t<li class=\"heading-button-style-1\">\r\n\t\t\t\t\t\t<a class=\"item-btn\" href=\"https:\/\/argyleassociates.com\/fr\/nos-procedures\/\">Voir toutes les proc\u00e9dures<i class=\"fas fa-angle-right\"><\/i><\/a>\t\t\t\t\t<\/li>\r\n\t\t\t\t\t\t\t\t\t<\/ul>\r\n\t\t\t<\/div>\r\n\t\t<\/div>\r\n\t\t<div class=\"col-xl-6 col-lg-6\">\r\n\t\t\t<div class=\"hero-banner-layuot-2\">\r\n\t\t\t\t<div class=\"item-img\">\r\n\t\t\t\t\t\t\t\t\t\t<img fetchpriority=\"high\" decoding=\"async\" width=\"1000\" height=\"600\" src=\"https:\/\/argyleassociates.com\/wp-content\/uploads\/2023\/08\/head-neck-oral-cancer-1.jpg\" class=\"attachment-full size-full\" alt=\"oral cancer\" srcset=\"https:\/\/argyleassociates.com\/wp-content\/uploads\/2023\/08\/head-neck-oral-cancer-1.jpg 1000w, https:\/\/argyleassociates.com\/wp-content\/uploads\/2023\/08\/head-neck-oral-cancer-1-300x180.jpg 300w\" sizes=\"(max-width: 1000px) 100vw, 1000px\" \/>\t\t\t\t\t\t\t\t\t\t<ul class=\"item-shape\">\r\n\t\t\t\t\t\t\t\t\t\t\t<\/ul>\r\n\t\t\t\t\t\t\t\t\t<\/div>\r\n\t\t\t<\/div>\r\n\t\t<\/div>\r\n\t<\/div>\r\n<\/div>\t\t\t\t<\/div>\n\t\t\t\t<\/div>\n\t\t\t\t\t<\/div>\n\t\t<\/div>\n\t\t\t\t\t<\/div>\n\t\t<\/section>\n\t\t\t\t<section class=\"elementor-section elementor-top-section elementor-element elementor-element-18a5f3a5 elementor-section-stretched elementor-section-boxed elementor-section-height-default elementor-section-height-default\" data-id=\"18a5f3a5\" data-element_type=\"section\" data-e-type=\"section\" data-settings=\"{&quot;stretch_section&quot;:&quot;section-stretched&quot;}\">\n\t\t\t\t\t\t<div class=\"elementor-container elementor-column-gap-default\">\n\t\t\t\t\t<div class=\"elementor-column elementor-col-50 elementor-top-column elementor-element elementor-element-300434bc\" data-id=\"300434bc\" data-element_type=\"column\" data-e-type=\"column\" data-settings=\"{&quot;background_background&quot;:&quot;classic&quot;}\">\n\t\t\t<div class=\"elementor-widget-wrap elementor-element-populated\">\n\t\t\t\t\t\t<div class=\"elementor-element elementor-element-defeb4e elementor-widget elementor-widget-video\" data-id=\"defeb4e\" data-element_type=\"widget\" data-e-type=\"widget\" data-settings=\"{&quot;video_type&quot;:&quot;vimeo&quot;}\" data-widget_type=\"video.default\">\n\t\t\t\t<div class=\"elementor-widget-container\">\n\t\t\t\t\t\t\t<div class=\"elementor-wrapper elementor-open-inline\">\n\t\t\t<iframe class=\"elementor-video-iframe\" allowfullscreen allow=\"clipboard-write\" title=\"Lecteur vid\u00e9o vimeo\" src=\"https:\/\/player.vimeo.com\/video\/123329402?color&amp;autopause=0&amp;loop=0&amp;muted=0&amp;title=1&amp;portrait=1&amp;byline=1#t=\"><\/iframe>\t\t<\/div>\n\t\t\t\t\t\t<\/div>\n\t\t\t\t<\/div>\n\t\t\t\t\t<\/div>\n\t\t<\/div>\n\t\t\t\t<div class=\"elementor-column elementor-col-50 elementor-top-column elementor-element elementor-element-5c785ebc\" data-id=\"5c785ebc\" data-element_type=\"column\" data-e-type=\"column\">\n\t\t\t<div class=\"elementor-widget-wrap elementor-element-populated\">\n\t\t\t\t\t\t<div class=\"elementor-element elementor-element-286256fc elementor-widget elementor-widget-rt-text-with-title\" data-id=\"286256fc\" data-element_type=\"widget\" data-e-type=\"widget\" data-widget_type=\"rt-text-with-title.default\">\n\t\t\t\t<div class=\"elementor-widget-container\">\n\t\t\t\t\t\r\n<div class=\"rt-el-twt-5\">\t\r\n\t<div class=\"item-content\">\r\n\t\t\t\t<h2 class=\"item-title\">Cancer de la t\u00eate, du cou et de la bouche<\/h2>\r\n\t\t\t\t\t\t<div class=\"sub-title\">Le d\u00e9pistage et la d\u00e9tection pr\u00e9coce du cancer de la bouche sont importants pour la r\u00e9ussite du traitement.<\/div>\r\n\t\t\t\t\t\t<p>Les <a href=\"https:\/\/argyleassociates.com\/fr\/chirurgiens\/\">chirurgiens buccaux et maxillo-faciaux<\/a> sont form\u00e9s \u00e0 la d\u00e9tection et au diagnostic des cancers de la t\u00eate, du cou et de la bouche. Ils peuvent \u00e9galement aider \u00e0 \u00e9laborer un plan de traitement en collaboration avec le m\u00e9decin du patient.<\/p>\t\r\n\t\t\t<\/div>\r\n<\/div>\r\n\r\n\t\t\t\t<\/div>\n\t\t\t\t<\/div>\n\t\t\t\t\t<\/div>\n\t\t<\/div>\n\t\t\t\t\t<\/div>\n\t\t<\/section>\n\t\t\t\t<section class=\"elementor-section elementor-top-section elementor-element elementor-element-45b87595 elementor-section-stretched elementor-section-full_width elementor-section-height-default elementor-section-height-default\" data-id=\"45b87595\" data-element_type=\"section\" data-e-type=\"section\" data-settings=\"{&quot;stretch_section&quot;:&quot;section-stretched&quot;,&quot;background_background&quot;:&quot;classic&quot;}\">\n\t\t\t\t\t\t<div class=\"elementor-container elementor-column-gap-no\">\n\t\t\t\t\t<div class=\"elementor-column elementor-col-50 elementor-top-column elementor-element elementor-element-5ce4ec8f\" data-id=\"5ce4ec8f\" data-element_type=\"column\" data-e-type=\"column\" data-settings=\"{&quot;background_background&quot;:&quot;classic&quot;}\">\n\t\t\t<div class=\"elementor-widget-wrap elementor-element-populated\">\n\t\t\t\t\t\t<div class=\"elementor-element elementor-element-ed2ded3 elementor-widget elementor-widget-image\" data-id=\"ed2ded3\" data-element_type=\"widget\" data-e-type=\"widget\" data-widget_type=\"image.default\">\n\t\t\t\t<div class=\"elementor-widget-container\">\n\t\t\t\t\t\t\t\t\t\t\t\t\t\t\t<img decoding=\"async\" width=\"1000\" height=\"600\" src=\"https:\/\/argyleassociates.com\/wp-content\/uploads\/2023\/07\/Symptoms-Signs.jpg\" class=\"attachment-full size-full wp-image-10536\" alt=\"\" srcset=\"https:\/\/argyleassociates.com\/wp-content\/uploads\/2023\/07\/Symptoms-Signs.jpg 1000w, https:\/\/argyleassociates.com\/wp-content\/uploads\/2023\/07\/Symptoms-Signs-300x180.jpg 300w\" sizes=\"(max-width: 1000px) 100vw, 1000px\" \/>\t\t\t\t\t\t\t\t\t\t\t\t\t\t\t<\/div>\n\t\t\t\t<\/div>\n\t\t\t\t\t<\/div>\n\t\t<\/div>\n\t\t\t\t<div class=\"elementor-column elementor-col-50 elementor-top-column elementor-element elementor-element-68bfbe05\" data-id=\"68bfbe05\" data-element_type=\"column\" data-e-type=\"column\" data-settings=\"{&quot;background_background&quot;:&quot;classic&quot;}\">\n\t\t\t<div class=\"elementor-widget-wrap elementor-element-populated\">\n\t\t\t\t\t\t<section class=\"elementor-section elementor-inner-section elementor-element elementor-element-786515ac elementor-section-boxed elementor-section-height-default elementor-section-height-default\" data-id=\"786515ac\" data-element_type=\"section\" data-e-type=\"section\">\n\t\t\t\t\t\t<div class=\"elementor-container elementor-column-gap-default\">\n\t\t\t\t\t<div class=\"elementor-column elementor-col-100 elementor-inner-column elementor-element elementor-element-44f7484e\" data-id=\"44f7484e\" data-element_type=\"column\" data-e-type=\"column\">\n\t\t\t<div class=\"elementor-widget-wrap elementor-element-populated\">\n\t\t\t\t\t\t<div class=\"elementor-element elementor-element-1a96e610 elementor-widget elementor-widget-heading\" data-id=\"1a96e610\" data-element_type=\"widget\" data-e-type=\"widget\" data-widget_type=\"heading.default\">\n\t\t\t\t<div class=\"elementor-widget-container\">\n\t\t\t\t\t<h2 class=\"elementor-heading-title elementor-size-default\">Sympt\u00f4mes et signes du cancer de la bouche<\/h2>\t\t\t\t<\/div>\n\t\t\t\t<\/div>\n\t\t\t\t<div class=\"elementor-element elementor-element-6d7f8997 elementor-widget elementor-widget-text-editor\" data-id=\"6d7f8997\" data-element_type=\"widget\" data-e-type=\"widget\" data-widget_type=\"text-editor.default\">\n\t\t\t\t<div class=\"elementor-widget-container\">\n\t\t\t\t\t\t\t\t\t<p>Les \u00e9l\u00e9ments suivants peuvent \u00eatre des sympt\u00f4mes du cancer de la bouche. Si vous d\u00e9tectez l&#8217;un de ceux-ci, veuillez nous contacter imm\u00e9diatement pour une \u00e9valuation par l&#8217;un de nos chirurgiens\u00a0:<\/p><ul><li>Plaques blanches ou rouges ou plaies persistantes \u00e0 l&#8217;int\u00e9rieur de la bouche sur les gencives, la langue ou les joues<\/li><li>Gonflement de la m\u00e2choire sans autres causes \u00e9videntes, comme un traumatisme<\/li><li>Saignements, douleurs ou engourdissements inhabituels dans la bouche<\/li><li>Masses anormales dans la bouche, les joues ou le cou<\/li><li>Un mal de gorge chronique ou un enrouement<\/li><li>Difficult\u00e9 \u00e0 m\u00e2cher ou \u00e0 avaler<\/li><\/ul>\t\t\t\t\t\t\t\t<\/div>\n\t\t\t\t<\/div>\n\t\t\t\t\t<\/div>\n\t\t<\/div>\n\t\t\t\t\t<\/div>\n\t\t<\/section>\n\t\t\t\t\t<\/div>\n\t\t<\/div>\n\t\t\t\t\t<\/div>\n\t\t<\/section>\n\t\t\t\t<section class=\"elementor-section elementor-top-section elementor-element elementor-element-1a8e384 elementor-section-stretched elementor-section-full_width elementor-section-height-default elementor-section-height-default\" data-id=\"1a8e384\" data-element_type=\"section\" data-e-type=\"section\" data-settings=\"{&quot;stretch_section&quot;:&quot;section-stretched&quot;,&quot;background_background&quot;:&quot;classic&quot;}\">\n\t\t\t\t\t\t<div class=\"elementor-container elementor-column-gap-no\">\n\t\t\t\t\t<div class=\"elementor-column elementor-col-50 elementor-top-column elementor-element elementor-element-1e232fe\" data-id=\"1e232fe\" data-element_type=\"column\" data-e-type=\"column\" data-settings=\"{&quot;background_background&quot;:&quot;classic&quot;}\">\n\t\t\t<div class=\"elementor-widget-wrap elementor-element-populated\">\n\t\t\t\t\t\t<section class=\"elementor-section elementor-inner-section elementor-element elementor-element-fc1ca75 elementor-section-boxed elementor-section-height-default elementor-section-height-default\" data-id=\"fc1ca75\" data-element_type=\"section\" data-e-type=\"section\">\n\t\t\t\t\t\t<div class=\"elementor-container elementor-column-gap-default\">\n\t\t\t\t\t<div class=\"elementor-column elementor-col-100 elementor-inner-column elementor-element elementor-element-ec6b4f7\" data-id=\"ec6b4f7\" data-element_type=\"column\" data-e-type=\"column\">\n\t\t\t<div class=\"elementor-widget-wrap elementor-element-populated\">\n\t\t\t\t\t\t<div class=\"elementor-element elementor-element-57b5406 elementor-widget elementor-widget-heading\" data-id=\"57b5406\" data-element_type=\"widget\" data-e-type=\"widget\" data-widget_type=\"heading.default\">\n\t\t\t\t<div class=\"elementor-widget-container\">\n\t\t\t\t\t<h3 class=\"elementor-heading-title elementor-size-default\">Facteurs de risque du cancer de la t\u00eate, du cou et de la bouche<\/h3>\t\t\t\t<\/div>\n\t\t\t\t<\/div>\n\t\t\t\t<div class=\"elementor-element elementor-element-9a9ed1a elementor-widget elementor-widget-text-editor\" data-id=\"9a9ed1a\" data-element_type=\"widget\" data-e-type=\"widget\" data-widget_type=\"text-editor.default\">\n\t\t\t\t<div class=\"elementor-widget-container\">\n\t\t\t\t\t\t\t\t\t<p>Votre risque de contracter ces types de cancer est accru si l&#8217;un de ces cas s&#8217;applique \u00e0 vous\u00a0:<\/p><ul><li>Vous utilisez du tabac de toute sorte &#8211; y compris du tabac \u00e0 priser, \u00e0 chiquer ou sans fum\u00e9e<\/li><li>Vous consommez de l&#8217;alcool, en particulier lorsqu&#8217;il est utilis\u00e9 avec du tabac<\/li><li>Vous avez re\u00e7u un diagnostic de VPH, le virus du papillome humain<\/li><li>Vous avez un syst\u00e8me immunitaire affaibli<\/li><\/ul>\t\t\t\t\t\t\t\t<\/div>\n\t\t\t\t<\/div>\n\t\t\t\t\t<\/div>\n\t\t<\/div>\n\t\t\t\t\t<\/div>\n\t\t<\/section>\n\t\t\t\t\t<\/div>\n\t\t<\/div>\n\t\t\t\t<div class=\"elementor-column elementor-col-50 elementor-top-column elementor-element elementor-element-d3085a4\" data-id=\"d3085a4\" data-element_type=\"column\" data-e-type=\"column\" data-settings=\"{&quot;background_background&quot;:&quot;classic&quot;}\">\n\t\t\t<div class=\"elementor-widget-wrap elementor-element-populated\">\n\t\t\t\t\t\t<div class=\"elementor-element elementor-element-0180f3a elementor-widget elementor-widget-image\" data-id=\"0180f3a\" data-element_type=\"widget\" data-e-type=\"widget\" data-widget_type=\"image.default\">\n\t\t\t\t<div class=\"elementor-widget-container\">\n\t\t\t\t\t\t\t\t\t\t\t\t\t\t\t<img decoding=\"async\" width=\"1000\" height=\"600\" src=\"https:\/\/argyleassociates.com\/wp-content\/uploads\/2023\/08\/head-neck-oral-cance-4.jpg\" class=\"attachment-full size-full wp-image-10652\" alt=\"Kanata wisdom teeth removal\" srcset=\"https:\/\/argyleassociates.com\/wp-content\/uploads\/2023\/08\/head-neck-oral-cance-4.jpg 1000w, https:\/\/argyleassociates.com\/wp-content\/uploads\/2023\/08\/head-neck-oral-cance-4-300x180.jpg 300w\" sizes=\"(max-width: 1000px) 100vw, 1000px\" \/>\t\t\t\t\t\t\t\t\t\t\t\t\t\t\t<\/div>\n\t\t\t\t<\/div>\n\t\t\t\t\t<\/div>\n\t\t<\/div>\n\t\t\t\t\t<\/div>\n\t\t<\/section>\n\t\t\t\t<\/div>\n\t\t","protected":false},"excerpt":{"rendered":"<p>Proc\u00e9dures Cancer de la t\u00eate, du cou et de la bouche Voir toutes les proc\u00e9dures Cancer de la t\u00eate, du cou et de la bouche Le d\u00e9pistage et la d\u00e9tection pr\u00e9coce du cancer de la bouche sont importants pour la r\u00e9ussite du traitement. Les chirurgiens buccaux et maxillo-faciaux sont form\u00e9s \u00e0 la d\u00e9tection et au&#8230;<\/p>\n","protected":false},"author":1,"featured_media":0,"parent":10749,"menu_order":0,"comment_status":"closed","ping_status":"closed","template":"","meta":{"inline_featured_image":false,"footnotes":""},"class_list":["post-10748","page","type-page","status-publish","hentry"],"yoast_head":"<!-- This site is optimized with the Yoast SEO plugin v27.5 - https:\/\/yoast.com\/product\/yoast-seo-wordpress\/ -->\n<title>Cancer de la t\u00eate, du cou et de la bouche : Implant dentaire<\/title>\n<meta name=\"description\" content=\"Sp\u00e9cialis\u00e9s en anesth\u00e9sie, chirurgie d&#039;implants et extraction des dents de sagesse. Votre sant\u00e9, notre priorit\u00e9.\" \/>\n<meta name=\"robots\" content=\"index, follow, max-snippet:-1, max-image-preview:large, max-video-preview:-1\" \/>\n<link rel=\"canonical\" href=\"https:\/\/argyleassociates.com\/fr\/nos-procedures\/cancer-de-la-tete-du-cou-et-de-la-bouche\/\" \/>\n<meta property=\"og:locale\" content=\"fr_FR\" \/>\n<meta property=\"og:type\" content=\"article\" \/>\n<meta property=\"og:title\" content=\"Cancer de la t\u00eate, du cou et de la bouche : Implant dentaire\" \/>\n<meta property=\"og:description\" content=\"Sp\u00e9cialis\u00e9s en anesth\u00e9sie, chirurgie d&#039;implants et extraction des dents de sagesse. Votre sant\u00e9, notre priorit\u00e9.\" \/>\n<meta property=\"og:url\" content=\"https:\/\/argyleassociates.com\/fr\/nos-procedures\/cancer-de-la-tete-du-cou-et-de-la-bouche\/\" \/>\n<meta property=\"og:site_name\" content=\"Argyle Associates\" \/>\n<meta property=\"article:publisher\" content=\"https:\/\/www.facebook.com\/argyleassociates\/\" \/>\n<meta property=\"article:modified_time\" content=\"2023-08-28T14:04:00+00:00\" \/>\n<meta property=\"og:image\" content=\"https:\/\/argyleassociates.com\/wp-content\/uploads\/2023\/08\/head-neck-oral-cancer-1.jpg\" \/>\n<meta name=\"twitter:card\" content=\"summary_large_image\" \/>\n<meta name=\"twitter:site\" content=\"@ArgyleAssociate\" \/>\n<meta name=\"twitter:label1\" content=\"Dur\u00e9e de lecture estim\u00e9e\" \/>\n\t<meta name=\"twitter:data1\" content=\"2 minutes\" \/>\n<script type=\"application\/ld+json\" class=\"yoast-schema-graph\">{\"@context\":\"https:\\\/\\\/schema.org\",\"@graph\":[{\"@type\":\"WebPage\",\"@id\":\"https:\\\/\\\/argyleassociates.com\\\/fr\\\/nos-procedures\\\/cancer-de-la-tete-du-cou-et-de-la-bouche\\\/\",\"url\":\"https:\\\/\\\/argyleassociates.com\\\/fr\\\/nos-procedures\\\/cancer-de-la-tete-du-cou-et-de-la-bouche\\\/\",\"name\":\"Cancer de la t\u00eate, du cou et de la bouche : Implant dentaire\",\"isPartOf\":{\"@id\":\"https:\\\/\\\/argyleassociates.com\\\/fr\\\/#website\"},\"primaryImageOfPage\":{\"@id\":\"https:\\\/\\\/argyleassociates.com\\\/fr\\\/nos-procedures\\\/cancer-de-la-tete-du-cou-et-de-la-bouche\\\/#primaryimage\"},\"image\":{\"@id\":\"https:\\\/\\\/argyleassociates.com\\\/fr\\\/nos-procedures\\\/cancer-de-la-tete-du-cou-et-de-la-bouche\\\/#primaryimage\"},\"thumbnailUrl\":\"https:\\\/\\\/argyleassociates.com\\\/wp-content\\\/uploads\\\/2023\\\/08\\\/head-neck-oral-cancer-1.jpg\",\"datePublished\":\"2023-06-19T02:53:33+00:00\",\"dateModified\":\"2023-08-28T14:04:00+00:00\",\"description\":\"Sp\u00e9cialis\u00e9s en anesth\u00e9sie, chirurgie d'implants et extraction des dents de sagesse. Votre sant\u00e9, notre priorit\u00e9.\",\"breadcrumb\":{\"@id\":\"https:\\\/\\\/argyleassociates.com\\\/fr\\\/nos-procedures\\\/cancer-de-la-tete-du-cou-et-de-la-bouche\\\/#breadcrumb\"},\"inLanguage\":\"fr-FR\",\"potentialAction\":[{\"@type\":\"ReadAction\",\"target\":[\"https:\\\/\\\/argyleassociates.com\\\/fr\\\/nos-procedures\\\/cancer-de-la-tete-du-cou-et-de-la-bouche\\\/\"]}]},{\"@type\":\"ImageObject\",\"inLanguage\":\"fr-FR\",\"@id\":\"https:\\\/\\\/argyleassociates.com\\\/fr\\\/nos-procedures\\\/cancer-de-la-tete-du-cou-et-de-la-bouche\\\/#primaryimage\",\"url\":\"https:\\\/\\\/argyleassociates.com\\\/wp-content\\\/uploads\\\/2023\\\/08\\\/head-neck-oral-cancer-1.jpg\",\"contentUrl\":\"https:\\\/\\\/argyleassociates.com\\\/wp-content\\\/uploads\\\/2023\\\/08\\\/head-neck-oral-cancer-1.jpg\"},{\"@type\":\"BreadcrumbList\",\"@id\":\"https:\\\/\\\/argyleassociates.com\\\/fr\\\/nos-procedures\\\/cancer-de-la-tete-du-cou-et-de-la-bouche\\\/#breadcrumb\",\"itemListElement\":[{\"@type\":\"ListItem\",\"position\":1,\"name\":\"Home\",\"item\":\"https:\\\/\\\/argyleassociates.com\\\/fr\\\/\"},{\"@type\":\"ListItem\",\"position\":2,\"name\":\"Proc\u00e9dures\",\"item\":\"https:\\\/\\\/argyleassociates.com\\\/fr\\\/nos-procedures\\\/\"},{\"@type\":\"ListItem\",\"position\":3,\"name\":\"Cancer de la t\u00eate, du cou et de la bouche\"}]},{\"@type\":\"WebSite\",\"@id\":\"https:\\\/\\\/argyleassociates.com\\\/fr\\\/#website\",\"url\":\"https:\\\/\\\/argyleassociates.com\\\/fr\\\/\",\"name\":\"Argyle Associates\",\"description\":\"Wisdom Teeth, Dental Implants &amp; Maxillofacial Surgery\",\"publisher\":{\"@id\":\"https:\\\/\\\/argyleassociates.com\\\/fr\\\/#organization\"},\"potentialAction\":[{\"@type\":\"SearchAction\",\"target\":{\"@type\":\"EntryPoint\",\"urlTemplate\":\"https:\\\/\\\/argyleassociates.com\\\/fr\\\/?s={search_term_string}\"},\"query-input\":{\"@type\":\"PropertyValueSpecification\",\"valueRequired\":true,\"valueName\":\"search_term_string\"}}],\"inLanguage\":\"fr-FR\"},{\"@type\":\"Organization\",\"@id\":\"https:\\\/\\\/argyleassociates.com\\\/fr\\\/#organization\",\"name\":\"Argyle Associates\",\"url\":\"https:\\\/\\\/argyleassociates.com\\\/fr\\\/\",\"logo\":{\"@type\":\"ImageObject\",\"inLanguage\":\"fr-FR\",\"@id\":\"https:\\\/\\\/argyleassociates.com\\\/fr\\\/#\\\/schema\\\/logo\\\/image\\\/\",\"url\":\"https:\\\/\\\/argyleassociates.com\\\/wp-content\\\/uploads\\\/2023\\\/06\\\/logo-en.jpg\",\"contentUrl\":\"https:\\\/\\\/argyleassociates.com\\\/wp-content\\\/uploads\\\/2023\\\/06\\\/logo-en.jpg\",\"width\":268,\"height\":129,\"caption\":\"Argyle Associates\"},\"image\":{\"@id\":\"https:\\\/\\\/argyleassociates.com\\\/fr\\\/#\\\/schema\\\/logo\\\/image\\\/\"},\"sameAs\":[\"https:\\\/\\\/www.facebook.com\\\/argyleassociates\\\/\",\"https:\\\/\\\/x.com\\\/ArgyleAssociate\",\"https:\\\/\\\/www.instagram.com\\\/argyleassociates1976\\\/\"]}]}<\/script>\n<!-- \/ Yoast SEO plugin. -->","yoast_head_json":{"title":"Cancer de la t\u00eate, du cou et de la bouche : Implant dentaire","description":"Sp\u00e9cialis\u00e9s en anesth\u00e9sie, chirurgie d'implants et extraction des dents de sagesse. Votre sant\u00e9, notre priorit\u00e9.","robots":{"index":"index","follow":"follow","max-snippet":"max-snippet:-1","max-image-preview":"max-image-preview:large","max-video-preview":"max-video-preview:-1"},"canonical":"https:\/\/argyleassociates.com\/fr\/nos-procedures\/cancer-de-la-tete-du-cou-et-de-la-bouche\/","og_locale":"fr_FR","og_type":"article","og_title":"Cancer de la t\u00eate, du cou et de la bouche : Implant dentaire","og_description":"Sp\u00e9cialis\u00e9s en anesth\u00e9sie, chirurgie d'implants et extraction des dents de sagesse. Votre sant\u00e9, notre priorit\u00e9.","og_url":"https:\/\/argyleassociates.com\/fr\/nos-procedures\/cancer-de-la-tete-du-cou-et-de-la-bouche\/","og_site_name":"Argyle Associates","article_publisher":"https:\/\/www.facebook.com\/argyleassociates\/","article_modified_time":"2023-08-28T14:04:00+00:00","og_image":[{"url":"https:\/\/argyleassociates.com\/wp-content\/uploads\/2023\/08\/head-neck-oral-cancer-1.jpg","type":"","width":"","height":""}],"twitter_card":"summary_large_image","twitter_site":"@ArgyleAssociate","twitter_misc":{"Dur\u00e9e de lecture estim\u00e9e":"2 minutes"},"schema":{"@context":"https:\/\/schema.org","@graph":[{"@type":"WebPage","@id":"https:\/\/argyleassociates.com\/fr\/nos-procedures\/cancer-de-la-tete-du-cou-et-de-la-bouche\/","url":"https:\/\/argyleassociates.com\/fr\/nos-procedures\/cancer-de-la-tete-du-cou-et-de-la-bouche\/","name":"Cancer de la t\u00eate, du cou et de la bouche : Implant dentaire","isPartOf":{"@id":"https:\/\/argyleassociates.com\/fr\/#website"},"primaryImageOfPage":{"@id":"https:\/\/argyleassociates.com\/fr\/nos-procedures\/cancer-de-la-tete-du-cou-et-de-la-bouche\/#primaryimage"},"image":{"@id":"https:\/\/argyleassociates.com\/fr\/nos-procedures\/cancer-de-la-tete-du-cou-et-de-la-bouche\/#primaryimage"},"thumbnailUrl":"https:\/\/argyleassociates.com\/wp-content\/uploads\/2023\/08\/head-neck-oral-cancer-1.jpg","datePublished":"2023-06-19T02:53:33+00:00","dateModified":"2023-08-28T14:04:00+00:00","description":"Sp\u00e9cialis\u00e9s en anesth\u00e9sie, chirurgie d'implants et extraction des dents de sagesse. Votre sant\u00e9, notre priorit\u00e9.","breadcrumb":{"@id":"https:\/\/argyleassociates.com\/fr\/nos-procedures\/cancer-de-la-tete-du-cou-et-de-la-bouche\/#breadcrumb"},"inLanguage":"fr-FR","potentialAction":[{"@type":"ReadAction","target":["https:\/\/argyleassociates.com\/fr\/nos-procedures\/cancer-de-la-tete-du-cou-et-de-la-bouche\/"]}]},{"@type":"ImageObject","inLanguage":"fr-FR","@id":"https:\/\/argyleassociates.com\/fr\/nos-procedures\/cancer-de-la-tete-du-cou-et-de-la-bouche\/#primaryimage","url":"https:\/\/argyleassociates.com\/wp-content\/uploads\/2023\/08\/head-neck-oral-cancer-1.jpg","contentUrl":"https:\/\/argyleassociates.com\/wp-content\/uploads\/2023\/08\/head-neck-oral-cancer-1.jpg"},{"@type":"BreadcrumbList","@id":"https:\/\/argyleassociates.com\/fr\/nos-procedures\/cancer-de-la-tete-du-cou-et-de-la-bouche\/#breadcrumb","itemListElement":[{"@type":"ListItem","position":1,"name":"Home","item":"https:\/\/argyleassociates.com\/fr\/"},{"@type":"ListItem","position":2,"name":"Proc\u00e9dures","item":"https:\/\/argyleassociates.com\/fr\/nos-procedures\/"},{"@type":"ListItem","position":3,"name":"Cancer de la t\u00eate, du cou et de la bouche"}]},{"@type":"WebSite","@id":"https:\/\/argyleassociates.com\/fr\/#website","url":"https:\/\/argyleassociates.com\/fr\/","name":"Argyle Associates","description":"Wisdom Teeth, Dental Implants &amp; Maxillofacial Surgery","publisher":{"@id":"https:\/\/argyleassociates.com\/fr\/#organization"},"potentialAction":[{"@type":"SearchAction","target":{"@type":"EntryPoint","urlTemplate":"https:\/\/argyleassociates.com\/fr\/?s={search_term_string}"},"query-input":{"@type":"PropertyValueSpecification","valueRequired":true,"valueName":"search_term_string"}}],"inLanguage":"fr-FR"},{"@type":"Organization","@id":"https:\/\/argyleassociates.com\/fr\/#organization","name":"Argyle Associates","url":"https:\/\/argyleassociates.com\/fr\/","logo":{"@type":"ImageObject","inLanguage":"fr-FR","@id":"https:\/\/argyleassociates.com\/fr\/#\/schema\/logo\/image\/","url":"https:\/\/argyleassociates.com\/wp-content\/uploads\/2023\/06\/logo-en.jpg","contentUrl":"https:\/\/argyleassociates.com\/wp-content\/uploads\/2023\/06\/logo-en.jpg","width":268,"height":129,"caption":"Argyle Associates"},"image":{"@id":"https:\/\/argyleassociates.com\/fr\/#\/schema\/logo\/image\/"},"sameAs":["https:\/\/www.facebook.com\/argyleassociates\/","https:\/\/x.com\/ArgyleAssociate","https:\/\/www.instagram.com\/argyleassociates1976\/"]}]}},"_links":{"self":[{"href":"https:\/\/argyleassociates.com\/fr\/wp-json\/wp\/v2\/pages\/10748","targetHints":{"allow":["GET"]}}],"collection":[{"href":"https:\/\/argyleassociates.com\/fr\/wp-json\/wp\/v2\/pages"}],"about":[{"href":"https:\/\/argyleassociates.com\/fr\/wp-json\/wp\/v2\/types\/page"}],"author":[{"embeddable":true,"href":"https:\/\/argyleassociates.com\/fr\/wp-json\/wp\/v2\/users\/1"}],"replies":[{"embeddable":true,"href":"https:\/\/argyleassociates.com\/fr\/wp-json\/wp\/v2\/comments?post=10748"}],"version-history":[{"count":14,"href":"https:\/\/argyleassociates.com\/fr\/wp-json\/wp\/v2\/pages\/10748\/revisions"}],"predecessor-version":[{"id":13049,"href":"https:\/\/argyleassociates.com\/fr\/wp-json\/wp\/v2\/pages\/10748\/revisions\/13049"}],"up":[{"embeddable":true,"href":"https:\/\/argyleassociates.com\/fr\/wp-json\/wp\/v2\/pages\/10749"}],"wp:attachment":[{"href":"https:\/\/argyleassociates.com\/fr\/wp-json\/wp\/v2\/media?parent=10748"}],"curies":[{"name":"wp","href":"https:\/\/api.w.org\/{rel}","templated":true}]}}